																																																																																																																																								{"id":15,"date":"2016-09-14T16:04:05","date_gmt":"2016-09-14T16:04:05","guid":{"rendered":"http:\/\/10.10.1.110\/itcba\/myresume\/?page_id=15"},"modified":"2021-11-01T17:53:07","modified_gmt":"2021-11-01T17:53:07","slug":"cursos","status":"publish","type":"page","link":"http:\/\/cvbaran.cba.com.py\/?page_id=15","title":{"rendered":"Eventos"},"content":{"rendered":"<p><strong>CONFERENCIAS, CURSOS Y TUTORIALES DICTADOS<\/strong><\/p>\n<p><strong>A\u00f1o 2021<\/strong><\/p>\n<ul>\n<li>Miembro del Jurado del 7mo Concurso Latinoamericano de Tesis de Doctorado \u2013 CLTD, organizado por el Centro Latinoamericano de Estudios en Inform\u00e1tica \u2013 CLEI en el marco de la conferencia de la conferencia CLEI&#8217;2021<\/li>\n<\/ul>\n<ul>\n<li>Conferencista de la IEEE juvenil en Paraguay, presentando el tema \u00ab<i>Supremac\u00eda Cu\u00e1ntica?<\/i>\u00ab, Asunci\u00f3n \u2013 Paraguay. La misma conferencia fue tambi\u00e9n dictada en el Curso de Formaci\u00f3n de L\u00edderes de la ONG\u00a0 DENDE.<\/li>\n<\/ul>\n<ul>\n<li>Conferencista del Workshop sobre T\u00e9cnicas de optimizaci\u00f3n multi-objetivo y de muchos objetivos\u00a0 presentando el tema \u00ab<i>Metricas en problemas con muchos objetivos<\/i>\u00ab, Asunci\u00f3n \u2013 Paraguay.<\/li>\n<\/ul>\n<ul>\n<li>Presidente del Comit\u00e9 de Programas en Inteligencia Computacional del IEEE\u00a0<i>Ecuadorian Technical Chapters Meeting<\/i>\u00a0\u2013 ETCM&#8217;2021, Miembro del Comit\u00e9 Evaluador de trabajos cient\u00edficos. Ecuador.<\/li>\n<\/ul>\n<ul>\n<li>Miembro del Comit\u00e9 de Programas del Workshop on Computational Intelligence and its Applications WoCia&#8217;2021, Ecuador.<\/li>\n<\/ul>\n<p><strong>A\u00f1o 2019<\/strong><\/p>\n<ul>\n<li>Conferencista invitado por la Sociedad Israel\u00ed de Investigaci\u00f3n de Operaciones para su conferencia anual ORSIS\u20192019, Shefayim \u2013 Israel, disertando sobre \u00a0\u201c<em>Multi-Objective Government Perspective for Three-Echelon Vehicle Routing<\/em>\u201d<\/li>\n<\/ul>\n<ul>\n<li>Conferencista invitado organizado por la Universidad de Bristol, disertando sobre \u00a8Paraguay: Entorno digital, educaci\u00f3n e investigaci\u00f3n\u00a8, sala Verdon-Smith, primer piso, Royal Fort House- Inglaterra.<\/li>\n<\/ul>\n<ul>\n<li>Conferencista invitado organizado por la Universidad de Bristol, disertando sobre \u00a8Soluciones de Infraestructura Digital para el\u00a0 \u00a0 Desarrollo Urbano Social y Econ\u00f3mico de Paraguay\u00a8,\u00a0sala Verdon-Smith, primer piso, Royal Fort House- Inglaterra.<\/li>\n<\/ul>\n<ul>\n<li>Conferencista invitado por la Universidad Cat\u00f3lica Nuestra Se\u00f1ora de la Asunci\u00f3n &#8211; Unidad Pedag\u00f3gica de Guarambar\u00e9, en el marco de REDI 2019, disertando sobre la \u201c<em>Computaci\u00f3n Cu\u00e1ntica<\/em>\u201d, Guarambar\u00e9 \u2013 Paraguay.<\/li>\n<\/ul>\n<ul>\n<li>Conferencista invitado por la Universidad Americana, en el marco de la Semana de la Carrera de Ingenier\u00eda Inform\u00e1tica, disertando sobre la \u201c<em>Investigaci\u00f3n Cient\u00edfica en Paraguay<\/em>\u201d, Asunci\u00f3n \u2013 Paraguay.<\/li>\n<\/ul>\n<ul>\n<li>Conferencista invitado por la Universidad Comunera \u2013 UCOM, en el marco del PORANDUCOM, disertando sobre \u201c<em>Computaci\u00f3n Cu\u00e1ntica<\/em>\u201d, Asunci\u00f3n \u2013 Paraguay.<\/li>\n<\/ul>\n<p>&nbsp;<\/p>\n<p><strong>A\u00f1o 2018<\/strong><\/p>\n<ul>\n<li>Conferencista invitado del III Programa de Liderazgo Universitario organizado en la Universidad Cat\u00f3lica de Asunci\u00f3n por DENDE, disertando sobre \u201cComputaci\u00f3n Cu\u00e1ntica\u201d y luego sobre \u201cComputaci\u00f3n en la Nube\u201d, Asunci\u00f3n \u2013 Paraguay.<\/li>\n<\/ul>\n<ul>\n<li>\u201cMachine Learning Opportunities in Cloud Computing Datacenter Management for 5G Services\u201d, con F. L\u00f3pez-Pires. ITU Kaleidoscope 2018 Academic Conference, Santa Fe \u2013 Argentina.<\/li>\n<\/ul>\n<ul>\n<li>Conferencista invitado del Primer Congreso Universitario de Ciencia, Cultura y Sociedad, organizado por la Universidad Cat\u00f3lica de Itap\u00faa, disertando sobre \u201cLa Investigaci\u00f3n Cient\u00edfica en Paraguay\u201d, Encarnaci\u00f3n \u2013 Paraguay.<\/li>\n<\/ul>\n<ul>\n<li>Conferencista invitado (<em>Keynote Speaker<\/em>) de la\u00a0<em>4th International Conference on Technology \u00a0\u00a0Trends\u00a0<\/em>\u2013 CITT\u20192018, dictando conferencias sobre \u201c<em>Algoritmos Evolutivos<\/em>\u201d y sobre \u00a0\u201c<em>Optimizaci\u00f3n \u00a0Multiobjetivo<\/em>\u201d, Babahoyo &#8211; Ecuador.<\/li>\n<\/ul>\n<p><strong>A\u00f1o 2016<\/strong><\/p>\n<ul>\n<li>Lanzamiento de la Red Clara (Paraguay), 2016, Paraguay<\/li>\n<li>Segundo Concurso Latinoamericano de Tesis de Doctorado. , 2016, Chile<\/li>\n<li>XXIV Jornadas de J\u00f3venes Investigadores de la Asociaci\u00f3n de Universidades del Grupo Montevideo (AUGM), 2016, Paraguay<\/li>\n<li>Encuentro &#8211; X Jornadas de J\u00f3venes Investigadores de la UNA, 2016, Paraguay<\/li>\n<li>Conferencista invitado \u00abLa Computaci\u00f3n Cu\u00e1ntica en Paraguay\u00bb, 2016, Paraguay<\/li>\n<li>Conferencista invitado \u00abLa Sociedad del Conocimiento: las tendencias en las Tecnolog\u00edas de la Informaci\u00f3n y las Comunicaciones\u00bb, 2016, Paraguay<\/li>\n<li>Conferencista invitado Primer Encuentro de Investigadores \u00abConstruyendo el conocimiento cient\u00edfico en Paraguay\u00bb, 2016, Paraguay<\/li>\n<li>Congreso &#8211; Miembro del Comit\u00e9 T\u00e9cnico de la conferencia IEEE ARANDUCON&#8217;2016, 2016, Paraguay Nombre: IEEE ARANDUCON&#8217;2016<\/li>\n<li>Congreso &#8211; Conferencista de la conferencia IEEE ARANDUCON&#8217;2016, 2016, Paraguay Nombre: IEEE ARANDUCON. Tipo de Participaci\u00f3n: Conferencista Invitado &#8211; Informaci\u00f3n Adicional: disertando sobre \u00abLa computaci\u00f3n Cu\u00e1ntica en Paraguay\u00bb<\/li>\n<li>Conferencia Algoritmos Evolutivos y Optimizaci\u00f3n Multiobjetivo. Facultad de Ciencias Administrativas. Quito, 2016, Ecuador<\/li>\n<li>Algoritmos Evolutivos para mejorar la Log\u00edstica. Conferencia sobre resultados de Investigaci\u00f3n. Guayaquil., 2016, Ecuador<\/li>\n<li>Conferencia \u00abIntroduccion a la Computacion Cu\u00e1ntica\u00b4\u00b4 sobre Resultados de Investigacion. Guayaquil, 2016, Ecuador<\/li>\n<li>Disertante en base a \u00abOptimizaci\u00f3n Por Colonias de Hormigas para resolver Problemas de Distribuci\u00f3n\u00b4\u00b4 Conferencia sobre Resultados de Investigaci\u00f3n. Guayaquil, 2016, Ecuador<\/li>\n<li>Miembro del Comit\u00e9 de Programas del IFIP <em>World Information Technology Forum<\/em> &#8211; WITFOR\u20192016, a realizarse en Costa Rica en el 2016.<\/li>\n<\/ul>\n<ul>\n<li>Miembro del Comit\u00e9 de Programas del <em>VIII Congreso Internacional de Computaci\u00f3n y Telecomunicaciones \u2013 COMTEL\u20192016<\/em>,organizado por la Universidad Inca Garcilaso de la Vega, Lima\u00a0 \u2013 Per\u00fa.<\/li>\n<li>Miembro del Jurado del Segundo Concurso Latinoamericano de Tesis de Doctorado \u2013 CLTD, organizado por el Centro Latinoamericano de Estudios en Inform\u00e1tica \u2013 CLEI en el marco de la conferencia de la conferencia CLEI\u20192016 organizada en Valpara\u00edso &#8211; Chile.<\/li>\n<\/ul>\n<ul>\n<li>Disertante sobre el proyecto \u201c<em>Design and Model of an Optimal System for Urban Freight Distribution for critical and heterogeneous Km2 in Guayaquil and Quito cities in Ecuador &#8211; DEMOSDUM<\/em>\u201d en el marco del Primer Encuentro de Investigadores \u201cConstruyendo el conocimiento cient\u00edfico en Paraguay\u201d, organizado por la Sociedad Cient\u00edfica del Paraguay &#8211; SCP.<\/li>\n<li>Conferencista invitado disertando sobre \u201c<em>La Sociedad del Conocimiento: las tendencias en las Tecnolog\u00edas de la Informaci\u00f3n y las Comunicaciones<\/em>\u201d en el marco del 1er Programa de Fortalecimiento del Liderazgo Universitario, organizado por la Fundaci\u00f3n \u201cDesarrollo en Democracia &#8211; DENDE.<\/li>\n<li>Conferencista disertando sobre \u201cLa Prehistoria de la red Clara en Paraguay\u201d en el lanzamiento de la Red Clara en el Hotel Crowne de Asunci\u00f3n, en acto presidido por el Presidente de la Rep\u00fablica, Horacio Cartes.<\/li>\n<li>Conferencista disertando sobre \u201cComputaci\u00f3n Cu\u00e1ntica\u201d en la Jornada de J\u00f3venes Investigadores\u00a0 de la Universidad Nacional de Asunci\u00f3n &#8211; Paraguay.<\/li>\n<li>Conferencista disertando sobre \u201cLa Computaci\u00f3n Cu\u00e1ntica en Paraguay\u201d en el \u201cFIUNA TECH week 2016\u201d, representando a la Secci\u00f3n Paraguay de la IEEE como su primer <em>Senior Member<\/em>.<\/li>\n<li>Miembro del Jurado de evaluaci\u00f3n de trabajos cient\u00edficos de la Jornada de J\u00f3venes Investigadores de la Universidad Nacional de Itap\u00faa y conferencista principal del acto de clausura, disertando sobre \u201cDesaf\u00edos Contempor\u00e1neos de los J\u00f3venes Investigadores en el Desarrollo de la Ciencia en Am\u00e9rica Latina\u201d, Encarnaci\u00f3n.<\/li>\n<\/ul>\n<p><strong>A\u00f1o 2015<\/strong><\/p>\n<ul>\n<li>Conferencista invitado por la <em>Facultad Polit\u00e9cnica <\/em>de la Universidad Nacional del Este &#8211; FPUNE, disertando sobre <em>Programaci\u00f3n Gen\u00e9tica<\/em>, Ciudad del Este \u2013 Paraguay.<\/li>\n<li>Conferencista invitado por la 10ma Edici\u00f3n del <em>Seminario de Tecnolog\u00eda de la Informaci\u00f3n<\/em> \u2013 STI\u00b42015, disertando sobre Computaci\u00f3n en la Nube, Investigaci\u00f3n en Paraguay, Universidad Cat\u00f3lica \u201c<em>Ntra. Sra. de la Asunci\u00f3n<\/em>\u201d, Encarnaci\u00f3n \u2013 Paraguay.<\/li>\n<li>Conferencista invitado por la <em>Escuela Regional de TIC<\/em> \u2013ERTIC\u00b42015, disertando sobre Computaci\u00f3n en la Nube, Investigaci\u00f3n en Paraguay, San Lorenzo \u2013 Paraguay.<\/li>\n<li>Conferencista del DCD-Converged, organizado por Datacenter Dynamics, disertando sobre \u201c<em>Administraci\u00f3n de un Centro de Datos utilizando Computaci\u00f3n en la Nube<\/em>\u201d, Santiago de Chile \u2013 Chile..<\/li>\n<li>Miembro del Jurado del Primer Concurso Latinoamericano de Tesis de Doctorado \u2013 CLTD, organizado por el Centro Latinoamericano de Estudios en Inform\u00e1tica \u2013 CLEI en el marco de la conferencia de la conferencia CLEI\u20192015 organizada en Arequipa, Per\u00fa.<\/li>\n<li>Miembro del Comit\u00e9 de Programas del <em>8th Workshop on Computer Aspects of Numerical Algorithms<\/em>, en el marco del \u201cFederated Conference on Computer Science and Information Systems\u201d (FedCSIS) &#8211; CANA&#8217;15, Lodz \u2013 Polonia.<\/li>\n<li>Miembro del Comit\u00e9 de Programas del <em>International Workshop on Data Mining with Industrial Applications<\/em> &#8211; DMIA\u20192015, Asunci\u00f3n &#8211; Paraguay<\/li>\n<li>Miembro del Comit\u00e9 de Programas de la tercera<em> Conferencia Nacional de Computaci\u00f3n, Inform\u00e1tica y Sistemas &#8211; CoNCISa 2015<\/em>,a realizarse en la Universidad de Carabobo \u2013 Venezuela conjuntamente con la Escuela Venezolana de Inform\u00e1tica \u2013 EVI\u20192015.<\/li>\n<li>Miembro del Comit\u00e9 de Programas del <em>Simposio de Inform\u00e1tica en el Estado (SIE)<\/em>,organizado en el marco de las 44\u00b0Jornadas Argentinas de Inform\u00e1tica &#8211; JAIIO, Rosario\u00a0 \u2013 Argentina.<\/li>\n<li>Miembro del Comit\u00e9 de Programas del <em>VII Congreso Internacional de Computaci\u00f3n y Telecomunicaciones \u2013 COMTEL\u20192015<\/em>,organizado por la Universidad Inca Garcilaso de la Vega, Lima\u00a0 \u2013 Per\u00fa.<\/li>\n<li>Conferencista invitado del Octavo Encuentro de An\u00e1lisis Num\u00e9rico de Ecuaciones Diferenciales Parciales \u201cLa Sirena II\u201d, organizado por Universidad de La Serena, La Serena \u2013 Chile, en enero del 2015, disertando sobre \u201c<em>Motherboard heat dissipation design using the Parareal method in PETSc<\/em>\u201d.<\/li>\n<\/ul>\n<p><strong>A\u00f1o 2014<\/strong><\/p>\n<ul>\n<li>Disertante del<em>VIII Programa de Desarrollo de la Dirigencia Empresarial<\/em>, organizado por la Fundaci\u00f3n Desarrollo en Democracia, sobre el tema: \u201c<em>La Sociedad del Conocimiento y las tendencias en las Tecnolog\u00edas de la Informaci\u00f3n y las Comunicaciones<\/em>\u201d, Asunci\u00f3n &#8211; Paraguay.<\/li>\n<li>Conferencista invitado del Centro Nacional de Computaci\u00f3n \u2013 CNC, disertando sobre \u201c<em>Datacenter para Cloud Computing<\/em>\u201d, Universidad Nacional de Asunci\u00f3n \u2013 Paraguay.<\/li>\n<li>Panelista del Foro de la Cumbre Mundial de la Sociedad de la Informaci\u00f3n 2014, organizado por Naciones Unidas e ITU entre otras organizaciones internacionales.World Summit on the Information Society \u2013 WSIS\u20192014, Ginebra, Suiza.<\/li>\n<li>Presentaci\u00f3n de trabajo en el <em>7th Workshop on Computer Aspects of Numerical Algorithms<\/em>, en el marco del \u201cFederated Conference on Computer Science and Information Systems\u201d (FedCSIS) &#8211; CANA&#8217;14, Varsovia \u2013 Polonia.<\/li>\n<li>Presentaci\u00f3n de trabajos en la XL Conferencia Latinoamericana de Inform\u00e1tica &#8211; CLEI\u20192014, Montevideo, Uruguay.<\/li>\n<li>Conferencista del VICongreso Internacional de Computaci\u00f3n y Telecomunicaciones, COMTEL\u20192014 disertando primero sobre \u201c<em>Comunicaciones \u00f3pticas<\/em>\u201d y posteriormente sobre \u201c<em>Datacenters paraComputaci\u00f3n en la Nube<\/em>\u201d. Lima \u2013 Per\u00fa.<\/li>\n<li>Conferencista del IIForo Internacional de Computaci\u00f3n Cu\u00e1ntica y Simulaci\u00f3n Cu\u00e1ntica en el marco integrador del Congreso Internacional de Computaci\u00f3n y Telecomunicaciones, COMTEL\u20192014 disertando primero sobre el tema: \u201c<em>Introducci\u00f3n a la Computaci\u00f3n Cu\u00e1ntica<\/em>\u201d. Lima \u2013 Per\u00fa.<\/li>\n<li>Miembro del <em>Comit\u00e9 Organizador<\/em>y del <em>Steering Committee<\/em>del CCIS\u20192014 \u2013 3rd Conference on Computational Interdisciplinary Science, miembro del Comit\u00e9 Cient\u00edfico. Asunci\u00f3n &#8211; Paraguay.<\/li>\n<li>Tutorialista del CCIS\u20192014 \u2013 3rd Conference on Computational Interdisciplinary Science, dictando el mini-curso: <em>Datacenter Optimization for Cloud Computing<\/em>. Asunci\u00f3n &#8211; Paraguay.<\/li>\n<li>Conferencista del VIII Workshop de Proyectos Finales de Grado en el marco de la Exposici\u00f3n Tecnol\u00f3gica y Cient\u00edfica ETyC\u20192014 organizado por la FPUNA, disertando sobre: \u201c<em>Desaf\u00edos actuales en las empresas inform\u00e1ticas<\/em>\u201d. Asunci\u00f3n \u2013 Paraguay.<\/li>\n<li>Miembro del <em>Comit\u00e9 de Programa <\/em>de CoNCISa\u20192014 \u2013 II Conferencia Nacional de Computaci\u00f3n, Inform\u00e1tica y Sistemas. Venezuela.<\/li>\n<li>Miembro del <em>Comit\u00e9 de Programa <\/em>del VI Congreso Internacional de Computaci\u00f3n y Telecomunicaciones &#8211; COMTEL\u20192014 \u2013 Lima &#8211; Per\u00fa.<\/li>\n<li>Instructor del curso de \u201cIT Computing\u201d organizado por Datacenter Dynamics, Bogot\u00e1 \u2013 Colombia.<\/li>\n<li>Conferencista de las III Jornadas de J\u00f3venes Investigadores de la UNE &#8211; 2014, disertando sobre \u201c<em>Investigar en Paraguay, desaf\u00edo para las j\u00f3venes generaciones<\/em>\u201d, Ciudad del este \u2013 Paraguay.<\/li>\n<li>Conferencista de las <em>III JORNADAS DE INVESTIGACI\u00d3N EN INGENIER\u00cdA DEL NEA (Nor-Este Argentino) Y PA\u00cdSES LIM\u00cdTROFES<\/em>, disertando sobre<em>: \u201cOptimizaci\u00f3n de un Datacenter Utilizando Algoritmos Evolutivos\u201d. <\/em>Resistencia \u2013 Argentina, 10 de mayo del 2014.<\/li>\n<li>Tutorialista del <em>I WORKSHOP SOBRE INVESTIGACI\u00d3N, DESARROLLO e INNOVACI\u00d3N en TICS del MERCOSUR<\/em>, dictando un mini-curso de 8 horas sobre<em>: \u201cIntroducci\u00f3n a la Computaci\u00f3n Cu\u00e1ntica\u201d. <\/em>Resistencia \u2013 Argentina, 9 al 11 de mayo del 2014.<\/li>\n<\/ul>\n<p><strong>A\u00f1o 2013<\/strong><\/p>\n<ul>\n<li>Miembro del <em>Comit\u00e9 de Programas<\/em> de COMTEL\u20192013 \u2013 V Congreso Internacional de Computaci\u00f3n y Telecomunicaciones (http:\/\/www.comtel.pe\/). Lima &#8211; Per\u00fa.<\/li>\n<li>Miembro del <em>Comit\u00e9 de Programas<\/em> de CLEI\u20192013 \u2013 XXXIX Conferencia Latinoamericana de Inform\u00e1tica, Simposio Latinoamericano de Inform\u00e1tica y Sociedad. Naiguat\u00e1, Vargas &#8211; Venezuela.<\/li>\n<li>Conferencista invitado por la Universidad Nacional de Itap\u00faa &#8211; UNI, disertando sobre \u201c<em>Dise\u00f1o bajo incertidumbre: un ejemplo en la ubicaci\u00f3n de conversores de longitud de onda en redes \u00f3pticas<\/em>\u201d. Agosto de 2013, Encarnaci\u00f3n &#8211; Paraguay.<\/li>\n<\/ul>\n<p><strong>A\u00f1o 2012<\/strong><\/p>\n<ul>\n<li>Conferencista (<em>Keynote Speaker<\/em>) de la IEEE 4th Global Information Infrastructure and Networking Symposium \u2013 GIIS\u20192012, disertando sobre \u201c<em>Optical Networks for Developing Countries<\/em>\u201d. Choroni, Venezuela. Diciembre de 2012.<\/li>\n<li>Conferencista invitado por la Universidad Capit\u00e1n General Gerardo Barrios de El Salvador, dictando una teleconferencia en simult\u00e1neo a los campus de San Miguel y Usulut\u00e1n sobre \u201c<em>La Investigaci\u00f3n en la Era del Conocimiento<\/em>\u201d. Noviembre de 2012.<\/li>\n<li>Tutorialista de la conferencia IEEE ARANDUCON\u20192012, disertando sobre \u201c<em>Computaci\u00f3n Cu\u00e1ntica<\/em>\u201d. Asunci\u00f3n, Paraguay. Noviembre de 2012.<\/li>\n<li>Presidente de la Mesa sobre \u201c<em>Procesamiento de Se\u00f1ales y Sistemas de Comunicaci\u00f3n<\/em>\u201d en el Congreso de Ingenier\u00eda en Electro-Electr\u00f3nica, Comunicaciones y Computaci\u00f3n, IEEE ARANDUCON 2012. Asunci\u00f3n \u2013 Paraguay.<\/li>\n<li>Conferencista (<em>Keynote Speaker<\/em>) de la <em>2nd Conference of Computational Interdisciplinary Sciences<\/em><em> &#8211; CCIS<\/em>,organizado por PACIS y la Universidad de Guanajuato, en Guanajuato \u2013 M\u00e9xico, disertando sobre \u201c<em>Multiobjective Optimization<\/em>\u201d. Octubre de 2012.<\/li>\n<li>Participaci\u00f3n en calidad de <em>Speaker<\/em> (conferencista) de la sesi\u00f3n de clausura del <em>5<sup>th<\/sup> World IT Forum<\/em> &#8211; WITFOR\u20192012, en Nueva Delhi \u2013 India.<\/li>\n<li>Miembro del \u201c<em>Steering Committee<\/em>\u201d de la XXXVIII Conferencia Latinoamericana de Inform\u00e1tica &#8211; CLEI\u20192012 en calidad de <em>Past-President<\/em> de CLEI. Medell\u00edn \u2013 Colombia.<\/li>\n<li>Miembro del \u201c<em>Advisory Committee<\/em>\u201d del Latin-American Networking Conference &#8211; LANC\u20192012, organizado por CLEI, IFIP y ACM. Medell\u00edn \u2013 Colombia.<\/li>\n<li>Presidente del Comit\u00e9 de Programas de la XXXVIII Conferencia Latinoamericana de Inform\u00e1tica &#8211; CLEI\u20192012. Medell\u00edn \u2013 Colombia.<\/li>\n<li>Presidente de mesa de la secci\u00f3n t\u00e9cnica PSySC en el congreso IEEE ARANDUCON\u20192012. Asunci\u00f3n \u2013 Paraguay.<\/li>\n<li>Miembro del Jurado de Evaluaci\u00f3n de trabajos en el Workshop GISE 2012, organizado por el Grupo de Investigaci\u00f3n en Sistemas Energ\u00e9ticos de la Facultad Polit\u00e9cnica de la Universidad Nacional de Asunci\u00f3n. Campus de San Lorenzo \u2013 Paraguay.<\/li>\n<li>Panelista del Taller sobre \u00abEducaci\u00f3n Superior y Desarrollo Tecnol\u00f3gico\u00bb organizado por la Secretar\u00eda T\u00e9cnica de Planificaciones del Paraguay y la Organizaci\u00f3n de Estados Iberoamericanos para la Educaci\u00f3n, la Ciencia y la Cultura \u2013 OEI. Asunci\u00f3n \u2013 Paraguay.<\/li>\n<li>Conferencista invitado por la Universidad Columbia, disertando sobre: \u201cHacia una Cultura Cient\u00edfica en el Paraguay, en la Era del Conocimiento\u201d, Asunci\u00f3n \u2013 Paraguay.<\/li>\n<li>Conferencista del Seminario de Tecnolog\u00eda de la Informaci\u00f3n STI 2012 organizado por Universidad Cat\u00f3lica de Itap\u00faa, disertando sobre el tema: <em>Computaci\u00f3n Cu\u00e1ntica<\/em>. Encarnaci\u00f3n, Paraguay.<\/li>\n<li>Conferencista de la Jornada de Premiaci\u00f3n de los J\u00f3venes Investigadores de la Universidad Nacional del Este, disertando sobre el tema: <em>Investigaci\u00f3n en el Paraguay<\/em>. Ciudad del Este, Paraguay.<\/li>\n<\/ul>\n<p><strong>A\u00f1o 2011<\/strong><\/p>\n<ul>\n<li>Miembro del \u201c<em>Steering Committee<\/em>\u201d de la XXXVII Conferencia Latinoamericana de Inform\u00e1tica &#8211; CLEI\u20192011 en calidad de <em>Past-President<\/em> de CLEI. Quito\u2013 Ecuador.<\/li>\n<li>Panelista sobre el tema \u201c<em>Hacia una cultura cient\u00edfica en Paraguay<\/em>\u201d, en el marco de los eventos por el A\u00f1o Internacional de la Qu\u00edmica, organizado por el CONACYT en el hotel Crowne Plaza de Asunci\u00f3n &#8211; Paraguay.<\/li>\n<li>Conferencista en la \u201cII Escola Regional de Inform\u00e1tica de Mato Grosso do Sul \u2013 Brasil\u201d (ERI-MS 2011), disertando sobre \u201c<em>Algoritmos Bio-inspirados<\/em>\u201d.Punta Por\u00e1 \u2013 Brasil.<\/li>\n<li>Conferencista en la \u201cEscuela Regional en Tecnolog\u00edas de la Informaci\u00f3n y Comunicaciones (ERTIC)\u201d, disertando sobre el tema \u201c<em>De la electr\u00f3nica a la fot\u00f3nica<\/em>\u201d. Asunci\u00f3n \u2013 Paraguay.<\/li>\n<li>Conferencista en el \u201cEncuentro de J\u00f3venes Investigadores del Grupo de Montevideo (UGM)\u201d y del Encuentro Cient\u00edfico y Tecnol\u00f3gico ECT\u20192011, disertando sobre \u201c<em>La tecnolog\u00eda y su impacto en la formaci\u00f3n cient\u00edfica de los universitarios Latinoamericanos<\/em>\u201d. Ciudad del Este \u2013 Paraguay.<\/li>\n<li>Conferencista enSeminariocient\u00edfico sobre Avances en Ecuaciones Diferenciales, Optimizaci\u00f3n y Probabilidad de \u201cMATH-AmSud\u201d, disertando sobre \u201c<em>Optimizaci\u00f3n Multiobjetivo<\/em>\u201d. Campus de San Lorenzo, UNA &#8211; Paraguay.<\/li>\n<li>Disertante en la Universidad Nacional del Este sobre \u201d<em>La universidad y la Investigaci\u00f3n en la Era de las Redes Sociales<\/em>\u201d.<\/li>\n<\/ul>\n<p><strong>A\u00f1o 2010<\/strong><\/p>\n<ul>\n<li>Miembro del \u201c<em>Steering Committee<\/em>\u201d de la XXXVI Conferencia Latinoamericana de Inform\u00e1tica &#8211; CLEI\u20192010 en calidad de <em>Past-President<\/em> de CLEI. Asunci\u00f3n \u2013 Paraguay.<\/li>\n<li>Participaci\u00f3n como delegado del TC 6 de IFIP en el Congreso Networking 2010, en Chennai \u2013 India.<\/li>\n<li>Miembro del Comit\u00e9 de Programas de la conferencia<em>3<sup>rd<\/sup> IFIP International Conference on Wireless Communications and Information Technology in Developing Countries \u2013 WCITD\u20192010, World Computer Congress 2010<\/em>. Brisbane \u2013 Australia.<\/li>\n<li>Miembro del Comit\u00e9 de Programas de la conferencia <em>Kaleidoscope 2010<\/em> \u201c<em>Beyond the Internet?\u2212 <\/em><em>Innovations for future networks and services<\/em>\u201d organizado por ITU-T. Pune \u2013 India.<\/li>\n<li>Representante de Paraguay ante MIR-Labs (<em>Machine Intelligence research Laboratory<\/em>).<\/li>\n<li>Conferencista de la Reuni\u00f3n Nacional\u00a0 de Ramas IEEE Paraguay-Argentina 2010, disertando sobre <em>\u201cDesaf\u00edos del Ingeniero en el nuevo milenio\u201d.<\/em><\/li>\n<li>Presidente del Comit\u00e9 de Programas del XVIII Congreso Iberoamericano de Educaci\u00f3n Superior en Computaci\u00f3n &#8211; CIESC\u20192010, organizado en el marco de la XXXVI Conferencia Latinoamericana de Inform\u00e1tica CLEI\u20192010. Asunci\u00f3n \u2013 Paraguay.<\/li>\n<\/ul>\n<p><strong>A\u00f1o 2009<\/strong><\/p>\n<ul>\n<li>Profesor invitado por el <em>Nara Institute of Science and Technology<\/em> del Jap\u00f3n, dictando 3 conferencias sobre: (1) TEAM ALGORITHMS, (2) MULTIOBJECTIVE OPTIMIZATION y (3)OPTICAL NETWORKS.<\/li>\n<li>Conferencista sobre <em>\u201cComunicaciones \u00d3pticas en el Nacimiento de un nuevo Milenio\u201d<\/em>. EXPOM\u00c1TICA 2009. Hotel Sheraton, Asunci\u00f3n &#8211; Paraguay.<\/li>\n<li>Conferencista sobre <em>\u201cDesaf\u00edos de la Docencia Universitaria en el Nuevo Milenio\u201d<\/em>. Encuentro Cient\u00edfico Tecnol\u00f3gico &#8211; ECT 2009, Ciudad del Este &#8211; Paraguay.<\/li>\n<li>Conferencista de la IEEE cap\u00edtulo paraguayo, disertando sobre \u201c<em>Computaci\u00f3n Cu\u00e1ntica<\/em>\u201d. \u2013 Paraguay.<\/li>\n<li>Tutorialista de la XXXV Conferencia Latinoamericana de Inform\u00e1tica, CLEI\u20192009, disertando sobre \u201c<em>Computaci\u00f3n Cu\u00e1ntica. <\/em><em>Una ventana al futuro<\/em>\u201d. Pelotas \u2013 Rio Grande do Sul \u2013 Brasil.<\/li>\n<li>Coordinador del Panel de Historia de la Inform\u00e1tica en Latinoam\u00e9rica en el marco de la XXXV Conferencia Latinoamericana de Inform\u00e1tica, CLEI\u20192009. Pelotas \u2013 Rio Grande do Sul \u2013 Brasil.<\/li>\n<li>Miembro del Comit\u00e9 de Programas de la conferencia<em>Kaleidoscope 2009<\/em> \u201c<em>Innovations for Digital Inclusion<\/em>\u201d organizado por ITU-T. Mar del Plata \u2013 Argentina.<\/li>\n<li>Miembro del Comit\u00e9 de Programas de la conferencia 5th IFIP\/ACM Latin-American Networking Conference &#8211; LANC 2009, organizado por CLEI en Pelotas \u2013 Brasil.<\/li>\n<li>Conferencista de la Primera Escuela Regional de Computaci\u00f3n del Paraguay \u2013 ERCOM 2009, disertando sobre \u201c<em>Computaci\u00f3n Cu\u00e1ntica. Una ventana al futuro<\/em>\u201d. Facultad Polit\u00e9cnica de la Universidad Nacional de Asunci\u00f3n \u2013 Paraguay.<\/li>\n<li>Conferencista de la Facultad de Ingenier\u00eda de la Universidad Nacional de Asunci\u00f3n, disertando sobre \u201c<em>Computaci\u00f3n Cu\u00e1ntica<\/em>\u201d. \u2013 Paraguay.<\/li>\n<li>Conferencista invitado por la Universidad Nacional de Rosario, disertando sobre temas como \u201c<em>Computaci\u00f3n de alto desempe\u00f1o. Team Algorithms<\/em>\u201d e \u201c<em>Introducci\u00f3n a la Computaci\u00f3n Cu\u00e1ntica<\/em>\u201d. \u2013 Argentina.<\/li>\n<li><em>\u00a0\u201cIntroducci\u00f3n a la Computaci\u00f3n Cu\u00e1ntica\u201d<\/em>. Conferencia de lanzamiento del Encuentro Cient\u00edfico Tecnol\u00f3gico &#8211; ECT 2009, a realizarse en Ciudad del Este &#8211; Paraguay.<\/li>\n<\/ul>\n<p><strong>A\u00f1o 2008<\/strong><\/p>\n<ul>\n<li>Miembro del Comit\u00e9 de Programas de la conferencia \u201c<em>Innovations in NGN \u2013 Future Network and Services<\/em>\u201d organizado por la UIT. Geneve \u2013 Suiza.<\/li>\n<li>Panelista del <em>PLENARY PANEL SESSION<\/em>sobre el tema: <em>Grand Challenges in Computer Science in Latin America<\/em>, invitadoal\u00a0 <em>Microsoft Research Academic Summit<\/em>. Panam\u00e1, 14 al 16 de mayo.<\/li>\n<li>Conferencista de la ETyC 2008 organizado por FPUNA, disertando sobre el tema: <em>Jugando \u00abMastergol\u00bb con Inteligencia Artificial<\/em>.<\/li>\n<li>Conferencista del Seminario de Tecnolog\u00eda de la Informaci\u00f3n STI 2008 organizado por Universidad Cat\u00f3lica de Itap\u00faa, disertando sobre el tema: <em>Infraestructura de Telecomunicaciones. Una visi\u00f3n de Futuro<\/em>.<\/li>\n<li><em>Protecci\u00f3n de redes \u00f3pticas basada en p-cycle<\/em>, con C. Colm\u00e1n y D. Pinto. ETyC 2008 organizado por FPUNA.<\/li>\n<\/ul>\n<p><strong>A\u00f1o 2007<\/strong><\/p>\n<ul>\n<li>Conferencista invitado para la <em>ExpoTec Internacional 2007<\/em> organizado por la Universidad Tecnol\u00f3gica de El Salvador, disertando sobre \u201c<em>Bio-inspired Team Algorithm<\/em>\u201d y tambi\u00e9n sobre <em>\u201cInfraestructura de Telecomunicaciones. Una visi\u00f3n al futuro pr\u00f3ximo\u201d<\/em>. San Salvador \u2013 El Salvador.<\/li>\n<li>Conferencista invitado para el Congreso Nacional de Redes y Telem\u00e1tica de Colombia: Redes de servicios M\u00f3viles Integrados, disertando sobre \u201c<em>Generaciones de la Telefon\u00eda Celular<\/em>\u201d y tambi\u00e9n sobre <em>\u201cComunicaciones \u00d3pticas\u201d<\/em>. Cartagena de Indias &#8211; Colombia.<\/li>\n<li>Conferencista invitado por la Universidad Tecnol\u00f3gica de Haifa \u2013 TECNION, disertando sobre \u201c<em>Una d\u00e9cada de investigaci\u00f3n tecnol\u00f3gica en Paraguay<\/em>\u201d. Haifa &#8211; Israel.<\/li>\n<li>Conferencista invitado por la Universidad Cat\u00f3lica <em>Ntra. Sra. de la Asunci\u00f3n<\/em> \u2013 Sede Regional Itap\u00faa, disertando sobre \u201c<em>Seguridad en Redes de Computadoras<\/em>\u201d. Encarnaci\u00f3n &#8211; Paraguay.<\/li>\n<li>Miembro del Comit\u00e9 Organizador del <em>II Congreso Espa\u00f1ol de Inform\u00e1tica<\/em> &#8211; CEDI 2007. Zaragoza &#8211; Espa\u00f1a.<\/li>\n<li>Miembro del Comit\u00e9 de Programas del <em>5th Latin American Network Operations and Management Symposium<\/em> &#8211; LANOMS 2007. Petr\u00f3polis &#8211; Brasil.<\/li>\n<li>Miembro del Comit\u00e9 de Programas del <em>III Congreso sobre Ingenier\u00eda e Investigaci\u00f3nCient\u00edfica \u2013 III CONIIC 2007<\/em>. Lima &#8211; Per\u00fa.<\/li>\n<li>Conferencista del <em>Card Meeting 2<\/em>, disertando sobre \u201c<em>Tendencias Tecnol\u00f3gicas e Introducci\u00f3n a la Seguridad Digital en las Transacciones Electr\u00f3nicas<\/em>\u201d. Asunci\u00f3n &#8211; Paraguay.<\/li>\n<\/ul>\n<p><strong>A\u00f1o 2006<\/strong><\/p>\n<ul>\n<li>Miembro del Comit\u00e9 de Programas del 2006 IFIP WG 6.9 workshop on <em>Wireless Communications and Information Technology in Developing Countries<\/em> &#8211; WCIT\u20192006. Santiago de Chile.<\/li>\n<li>Participante en la mesa redonda sobre <em>Evolution of Computing in Spanish-Speaking Countries<\/em>, en calidad de presidente del CLEI. HCE2 &#8211; IFIP <em>World Computer Congress 2006<\/em>.Santiago de Chile.<\/li>\n<li>Miembro del Comit\u00e9 de Programas del XIII Congreso Latino-Iberoamericano de Investigaci\u00f3n Operativa &#8211; XIII CLAIO, Montevideo &#8211; Uruguay.<\/li>\n<li>Panelista invitado del <em>2<sup>nd<\/sup> IFIP International Conference on History of Computing and Education<\/em>, organizado por el WG 9.7 y el TC3 de IFIP, Santiago de Chile.<\/li>\n<li>Miembro del Comit\u00e9 de Programas de la Jornada Peruana de Computacion y del II Congreso Internacional de Iniciaci\u00f3n Cientifica en Computaci\u00f3n &#8211; CONIICC) Lima &#8211; Per\u00fa.<\/li>\n<li>Miembro del Comit\u00e9 organizador del <em>19<sup>th<\/sup> IFIP<\/em><em>World Computer Congress<\/em>, y la XXXII Conferencia Latinoamericana de Inform\u00e1tica \u2013 CLEI\u20192006, Santiago de Chile.<\/li>\n<li>Conferencista invitado al Encuentro Cient\u00edfico Tecnol\u00f3gico ECT 2006 organizado por la Universidad Nacional del Este, disertando sobre <em>Comunicaciones \u00f3pticas y globalizaci\u00f3n<\/em>. Ciudad del Este\u00a0 &#8211; Paraguay.<\/li>\n<\/ul>\n<p><strong>A\u00f1o 2005<\/strong><\/p>\n<ul>\n<li>Conferencista invitado por la Asociaci\u00f3n Nacional de Instituciones de Ense\u00f1anza en Inform\u00e1tica \u2013 ANIEI, disertando sobre el tema \u201c<em>Investigaci\u00f3n en Inform\u00e1tica en America Latina\u201d. <\/em>Guadalajara \u2013 M\u00e9xico.<\/li>\n<li>Conferencista de las Jornadas de Inform\u00e1tica y Telecomunicaciones y el Congreso Internacional de Tecnolog\u00edas y Aplicaciones Inform\u00e1ticas JIT &#8211; CITA, disertando sobre \u201c<em>Algoritmos Evolutivos\u201d. <\/em>Asunci\u00f3n \u2013 Paraguay.<\/li>\n<li>Miembro del Comit\u00e9 de Programas de la <em>13th Euromicro <\/em><em>Conference on Parallel, Distributed and Network-based Processing<\/em>, a realizarse en\u00a0 Lugano &#8211; Suiza.<\/li>\n<li>Miembro del Comit\u00e9 de Programas de la <em>XXV International Conference of the Chilean Computer Science Society -SCCC 2005 (IEEE-CS)<\/em>, a realizarse en Valdivia, Chile.<\/li>\n<li>Miembro del Comit\u00e9 Organizador y de Programas de la <em>Latinoamerican Networking Conference &#8211; LANC 2005<\/em>, a realizarse en\u00a0 Cali &#8211; Colombia.<\/li>\n<li>Miembro del Comit\u00e9 de Programas de la 4th IEEE\/IFIP <em>Latin American Network Operations and Management Symposium<\/em> &#8211; LANOMS 2005, a realizarse en Porto Alegre, Brasil.<\/li>\n<li>Miembro del Comit\u00e9 de Programas del \u201c<em>III Workshop MPLS networks<\/em>\u201d organizado en el marco de la Red tem\u00e1tica de Gesti\u00f3n en Redes IP orientadas a circuitos virtuales (MPLS), a realizarse en\u00a0 Girona &#8211; Espa\u00f1a.<\/li>\n<li>Miembro del Comit\u00e9 de Programas de la conferencia internacional SCI\u20192005 (<em>9th World Multiconference on <\/em><em>Systemics, Cybernetics and Informatics<\/em>), Orlando &#8211; Florida, Estados Unidos.<\/li>\n<li>Conferencista del Encuentro Tecnol\u00f3gico y Cient\u00edfico ETyC 2005, organizado por la Facultad Polit\u00e9cnica de la Universidad Nacional de Asunci\u00f3n, disertando sobre <em>Investigaci\u00f3n en el Centro Nacional de Computaci\u00f3n.<\/em> San Lorenzo \u2013 Paraguay.<\/li>\n<li>Conferencista invitado al Encuentro Cient\u00edfico Tecnol\u00f3gico ECT 2005. Disertando sobre <em>Ingenier\u00eda de Tr\u00e1fico<\/em>. Ciudad del Este\u00a0 &#8211; Paraguay.<\/li>\n<\/ul>\n<p><strong>A\u00f1o 2004<\/strong><\/p>\n<ul>\n<li>Conferencista invitado al II Congreso de Universidades P\u00fablicas del Paraguay. Disertando sobre <em>Doctorado en Paraguay<\/em>. Ciudad del Este\u00a0 &#8211; Paraguay.<\/li>\n<li>Miembro del Comit\u00e9 de Programas del <em>VIII Workshop de Sistemas Distribuidos y Paralelismo<\/em>, organizado por la Sociedad Chilena de Computaci\u00f3n. Chill\u00e1n \u2013 Chile.<\/li>\n<li>Conferencista del XIII Congreso Nacional de Estudiantes de Ingenier\u00eda de Sistemas, disertando sobre <em>Comunicaciones \u00d3pticas<\/em> en Cartagena de la India \u2013 Colombia. Tutorialista del mismo congreso en el \u00e1rea de <em>Dise\u00f1o de Redes de Computadoras con Algoritmos Evolutivos<\/em>.<\/li>\n<li>Miembro del Comit\u00e9 de Programas de la conferencia internacional SCI\u20192004 (<em>8th World Multiconference on <\/em><em>Systemics, Cybernetics and Informatics<\/em>), Orlando &#8211; Florida, Estados Unidos.<\/li>\n<li>Miembro del Comit\u00e9 de Programas de la 13\u00b0 conferencia internacional sobre Computadoras y Comunicaciones organizada por la <em>IEEE Communications Society, <\/em>ICCCN-2004, Chicago &#8211; Illinois, Estados Unidos.<\/li>\n<li>Miembro del Comit\u00e9 de Programas de la Conferencia Latinoamericana de Inform\u00e1tica CLEI\u20192004, Arequipa &#8211; Per\u00fa.<\/li>\n<\/ul>\n<p><strong>A\u00f1o 2003<\/strong><\/p>\n<ul>\n<li>\u201c<em>Algoritmos Evolutivos en el Dise\u00f1o de Redes de Telecomunicaciones.\u201d <\/em>Conferencia inaugural de las Jornadas de Inform\u00e1tica y Telecomunicaciones JIT 2003 organizada por la Universidad Aut\u00f3noma de Asunci\u00f3n, Paraguay.<\/li>\n<li>Miembro del Comit\u00e9 de Programas de la conferencia internacional SCI\u20192003 (<em>7th World Multiconference on <\/em><em>Systemics, Cybernetics and Informatics<\/em>), Orlando &#8211; Florida, Estados Unidos.<\/li>\n<li>Miembro del Comit\u00e9 de Programas de la 12\u00b0 conferencia internacional sobre Computadoras y Comunicaciones organizada por la <em>IEEE Communications Society, <\/em>ICCCN-2003, Dallas &#8211; Texas, Estados Unidos.<\/li>\n<li>Miembro del Comit\u00e9 de Programas de la Conferencia Latinoamericana de Inform\u00e1tica CLEI\u20192003, La Paz &#8211; Bolivia.<\/li>\n<li>Miembro del Comit\u00e9 de Programas y Responsable por los Tutoriales de la <em>IFIP\/ACM Latin America Networking Conference<\/em> LANC\u20192003, La Paz &#8211; Bolivia.<\/li>\n<li>Conferencista invitado de la Segunda Exposici\u00f3n Tecnol\u00f3gica y Cient\u00edfica, organizado por la Facultad Polit\u00e9cnica de la Universidad Nacional de Asunci\u00f3n, disertando sobre <em>Multi-FPGA para tecnolog\u00eda celular de tercera generaci\u00f3n: Proyectos de Investigaci\u00f3n con Espa\u00f1a.<\/em><\/li>\n<li>Conferencista invitado de las Primeras Jornadas de Ingenier\u00eda Electr\u00f3nica, organizado por la Universidad Cat\u00f3lica del Paraguay, disertando sobre <em>El Estado del Arte en proyectos con Multi-FPGA para telefon\u00eda celular de tercera generaci\u00f3n.<\/em><\/li>\n<\/ul>\n<p><strong>A\u00f1o 2002<\/strong><\/p>\n<ul>\n<li>Participaci\u00f3n en la: <em>Third International Conference on Engineering Computational Technology<\/em>. ECT \u2013 2002, Praga, Rep\u00fablica Checa.<\/li>\n<li>Miembro del Comit\u00e9 de Programas de la 11th. conferencia internacional sobre Computadoras y Comunicaciones organizada por la <em>IEEE Communications Society, <\/em>ICCCN-2002, Miami \u2013 FL, Estados Unidos.<\/li>\n<li>Miembro del Comit\u00e9 de Programas de la <em>IFIP-TC6 and ACM-SIGCOMM Latin America Networking Conference 2002: Toward the Internet Next Generation<\/em>, Santa Fe, Argentina.<\/li>\n<li>Miembro del Comit\u00e9 de Programas de la conferencia internacional SCI\u20192002 (<em>6th World Multiconference on <\/em><em>Systemics, Cybernetics and Informatics<\/em>), Orlando &#8211; Florida, Estados Unidos.<\/li>\n<li>Panelista del <em>1er. Congreso Paraguayo de la Ense\u00f1anza de la Ingenier\u00eda<\/em>, presentando el trabajo \u201cDoctorado en el Paraguay\u201d Asunci\u00f3n \u2013 Paraguay.<\/li>\n<\/ul>\n<p><strong>A\u00f1o 2001<\/strong><\/p>\n<ul>\n<li>Conferencista invitado por la XXVII Conferencia Latinoamericana de Inform\u00e1tica realizada en M\u00e9rida &#8211; Venezuela, disertando sobre el tema \u201c<em>Convergencia de las Telecomunicaciones<\/em>\u201d.<\/li>\n<li>Conferencista de las Jornadas de Telecomunicaciones \u2013 Congreso Internacional de Tecnolog\u00edas y Aplicaciones Inform\u00e1ticas, JIT-CITA 2001, disertando sobre el tema \u201c<em>R\/Evoluci\u00f3n de las Telecomunicaciones en el Paraguay<\/em>\u201d.<\/li>\n<li>Participaci\u00f3n en el Primer Seminario Nacional sobre Comercio Electr\u00f3nico y Sociedad de Informaci\u00f3n, realizado en el Carmelita Center de Asunci\u00f3n \u2013 Paraguay.<\/li>\n<li>Conferencista invitado por la Universidad Federal de Rio de Janeiro, disertando sobre el tema \u201c<em>Parallel Asynchronous Ant Colony System<\/em>\u201d.<\/li>\n<li>Miembro del Comit\u00e9 de Programas de la 10th. conferencia internacional sobre Computadoras y Comunicaciones organizada por la <em>IEEE Communications Society<\/em>, Tucson &#8211; Arizona, Estados Unidos.<\/li>\n<li>Miembro del Comit\u00e9 de Programas de la conferencia internacional SCI\u20192001 (<em>Systemics, Cybernetics and Informatics<\/em>), Orlando &#8211; Florida, Estados Unidos.<\/li>\n<li>Conferencista invitado del Primer Encuentro en Electr\u00f3nica y Telecomunicaciones, Universidad \u2013 Sector Productivo de la Regi\u00f3n Caribe, Barranquilla \u2013 Colombia, disertando sobre <em>Dise\u00f1o de Redes de Telecomunicaciones utilizando Algoritmos Gen\u00e9ticos<\/em> y sobre <em>Nuevas Tecnolog\u00edas en Telecomunicaciones<\/em>.<\/li>\n<\/ul>\n<p><strong>A\u00f1o 2000<\/strong><\/p>\n<ul>\n<li>Conferencista de las VII Jornadas Iberoamericanas de Cultura Digital, por invitaci\u00f3n de la Agencia Espa\u00f1ola de Cooperaci\u00f3n Internacional (AECI) y el Ministerio de Relaciones Exteriores de Espa\u00f1a, disertando sobre <em>Propiedad Intelectual en Internet.<\/em>\u00a0 Cartagena de las Indias &#8211; Colombia.<\/li>\n<li>Miembro del Comit\u00e9 de Programas de la XXVI Conferencia Latinoamericana de Inform\u00e1tica Ciudad de M\u00e9xico.<\/li>\n<li>Miembro del Comit\u00e9 de Programas de la conferencia internacional SCI\u20192000 (<em>Systemics, Cybernetics and Informatics<\/em>), Orlando &#8211; Florida, Estados Unidos.<\/li>\n<\/ul>\n<p><strong>A\u00f1o 1999<\/strong><\/p>\n<ul>\n<li>Miembro del Comit\u00e9 Organizador de la XXV Conferencia Latinoamericana de Inform\u00e1tica. Asunci\u00f3n \u2013 Paraguay. <em>Co-chairman<\/em> del Comit\u00e9 de Programas.<\/li>\n<li>Encuentro Cient\u00edfico <em>Western Hemisphere Collaboration: Information Technology Research to Solve Global Problems. <\/em>A invitaci\u00f3n de la <em>National Science Foundation \u2013 NSF<\/em> de los Estados Unidos<em>. <\/em>Manzanillo \u2013 M\u00e9xico.<\/li>\n<li>Miembro del Comit\u00e9 de Programas del <em>Symposium on Computer Architecture and High Performance Computing<\/em>, Natal, Brasil.<\/li>\n<li>Miembro del Comit\u00e9 de Programas del <em>Focus Symposium: \u201cArchitecture, Tools and Algorithm for Networks, Parallel and Distributed Systems<\/em>\u201d, en el marco de la conferencia internacional SCI\u201999 (<em>Systemics, Cybernetics and Informatics<\/em>),\u00a0 Orlando &#8211; Florida, Estados Unidos.<\/li>\n<li>Primera Jornada de Consulta sobre Demandas en Ciencia y Tecnolog\u00eda en Paraguay.<\/li>\n<li>Disertante del \u201cEncuentro Cient\u00edfico \u2013 Tecnol\u00f3gico\u201d organizado por la Facultad Polit\u00e9cnica de la Universidad Nacional des Este. Ciudad del Este \u2013 Paraguay.<\/li>\n<\/ul>\n<p><strong>A\u00f1o 1998<\/strong><\/p>\n<ul>\n<li>Miembro del comit\u00e9 de evaluaci\u00f3n del V Concurso de Tesis de Maestr\u00edas CLEI &#8211; UNESCO.<\/li>\n<li>Miembro del Comit\u00e9 de Programas de la \u201c<em>International Conference on Information Systems, Analysis and Synthesis<\/em>\u201d (ISAS\u00b498) y del<em>FOCUS SYMPOSIUM:<\/em> \u00ab<em>Architectures, Tools and Algorithms for Networks, Parallel and Distributed Systems\u00bb<\/em>\u00a0 Orlando &#8211; Florida.<\/li>\n<li>Miembro del Comit\u00e9 de Programas de la XXIV Conferencia Latinoamericana de Inform\u00e1tica Quito &#8211; Ecuador.<\/li>\n<li>Miembro del Comit\u00e9 de Programas del IX Panel de Inform\u00e1tica \u2013 EXPOMATICA\u201998, organizado por APUDI y la <strong>Universidad Nacional de Asunci\u00f3n.<\/strong><\/li>\n<\/ul>\n<p><strong>A\u00f1o 1997<\/strong><\/p>\n<ul>\n<li>Miembro del Comit\u00e9 de Programas del III Congreso Internacional de Tecnolog\u00eda y Aplicaciones Inform\u00e1ticas &#8211; CITA\u201997. Asunci\u00f3n &#8211; Paraguay.<\/li>\n<li>Miembro del Comit\u00e9 de Programas de la XXIII Conferencia Latinoamericana de Inform\u00e1tica (PANEL\u00b497)\u00a0 Santiago de Chile &#8211; Chile.<\/li>\n<li>Miembro del comit\u00e9 de evaluaci\u00f3n del\u00a0 IV Concurso de Tesis de Maestr\u00edas CLEI &#8211; UNESCO.<\/li>\n<li>Conferencista invitado por la Universidad Central de Venezuela (UCV) para disertar sobre \u201cTeam Algorithms\u201d y \u201cRedes de Computadoras\u201d, Caracas &#8211; Venezuela.<\/li>\n<li>Conferencista invitado por el Instituto Militar de Ingenier\u00eda (IME) para disertar sobre \u201cPartici\u00f3n de Sistemas para su Resoluci\u00f3n Distribuida\u201d, Rio de Janeiro, RJ &#8211; Brasil.<\/li>\n<li>Conferencista invitado por la Universidad Federal de Rio Grande del Sur (UFRGS) para disertar sobre \u201c<em>Team Algorithms<\/em>\u201d, Porto Alegre, RS &#8211; Brasil. Miembro de una mesa de defensa de tesis de Maestr\u00eda a invitaci\u00f3n del Prof. T.A. Diverio.<\/li>\n<li>Conferencista invitado por la Universidad de Santiago de Chile (USACH) para disertar sobre \u201cPartici\u00f3n de Sistemas para su Resoluci\u00f3n Distribuida\u201d, Santiago de Chile &#8211; Chile.<\/li>\n<li>Ciclo de Conferencias Cient\u00edficas organizado por la Sociedad Cient\u00edfica del Paraguay &#8211; SCP, disertando sobre \u201cInform\u00e1tica y Comunicaciones en los umbrales del siglo XXI.\u201d<\/li>\n<li>Miembro del Comit\u00e9 de Programas de la \u201c<em>International Conference on Information Systems, Analysis and Synthesis<\/em>\u201d (ISAS\u00b497) Caracas &#8211; Venezuela.<\/li>\n<li>I Simposio de Inteligencia Artificial &#8211; CIMAF\u201997. La Habana &#8211; Cuba.<\/li>\n<\/ul>\n<p><strong>A\u00f1o 1996<\/strong><\/p>\n<ul>\n<li>Miembro del comit\u00e9 de evaluaci\u00f3n del\u00a0 III Concurso de Tesis de Maestr\u00edas CLEI &#8211; UNESCO.<\/li>\n<li>Miembro del Comit\u00e9 de Programas de la \u201c<em>International Conference on Information Systems, Analysis and S\u00edntesis\u201d<\/em> (ISAS 96), Orlando &#8211; Florida, Estados Unidos.<\/li>\n<li>XXII Conferencia Latinoamericana de Inform\u00e1tica (PANEL\u00b496), Bogot\u00e1 &#8211; Colombia.<\/li>\n<\/ul>\n<p><strong>A\u00f1o 1995<\/strong><\/p>\n<ul>\n<li>1\u00b0 Foro de Investigadores de la Universidad Nacional de Asunci\u00f3n (UNA) &#8211; Paraguay.<\/li>\n<li>XXI Conferencia Latinoamericana de Inform\u00e1tica. Canelas, RS &#8211; Brasil.<\/li>\n<li>Conferencia Internacional de la Sociedad Chilena de Computaci\u00f3n. Arica, Chile.<\/li>\n<li>Conferencista Invitado al II Congreso Internacional de Tecnolog\u00eda y Aplicaciones Inform\u00e1ticas, VIII Panel Nacional de Inform\u00e1tica, CITA\u00b495, Paraguay. Tema de la conferencia: Sistemas Distribuidos y Paralelismo.<\/li>\n<\/ul>\n<p><strong>A\u00f1o 1994<\/strong><\/p>\n<ul>\n<li>Miembro del Comit\u00e9 de Programas de la XX Conferencia Latinoamericana de Inform\u00e1tica &#8211; PANEL\u00b494.\u00a0 Ciudad de M\u00e9xico &#8211; M\u00e9xico.<\/li>\n<li>Jornadas de Capacitaci\u00f3n en Telecomunicaciones, organizado por EasyMail y AT&amp;T. Santiago de Chile.<\/li>\n<li>Participaci\u00f3n del AT&amp;T Kick Off. New Jersey. Estados Unidos.<\/li>\n<li>Jornadas de Capacitaci\u00f3n sobre Gesti\u00f3n de Proyectos Inform\u00e1ticos, Asunci\u00f3n &#8211; Paraguay.<\/li>\n<\/ul>\n<p><strong>A\u00f1o 1993<\/strong><\/p>\n<ul>\n<li>CITA&#8217;93. Conferencista invitado, disertando sobre <em>Sistemas Distribuidos<\/em>. Asunci\u00f3n &#8211; Paraguay.<\/li>\n<li>XIX Conferencia Latinoamericana de Inform\u00e1tica. 22as JAIIO. Bs. Aires &#8211; Argentina.<\/li>\n<\/ul>\n<p><strong>A\u00f1o 1992<\/strong><\/p>\n<ul>\n<li>XVIII Conferencia Latinoamericana de Inform\u00e1tica. Las Palmas de Gran Canaria &#8211; Espa\u00f1a.<\/li>\n<\/ul>\n<p><strong>A\u00f1o 1991<\/strong><\/p>\n<ul>\n<li>\u00abXI SNPTEE. Semin\u00e1rio Nacional de Produc\u00e3o e Transmiss\u00e3o de Energ\u00eda El\u00e9trica\u00bb. R\u00edo de Janeiro &#8211; Brasil.<\/li>\n<\/ul>\n<p><strong>A\u00f1o 1990<\/strong><\/p>\n<ul>\n<li>Miembro del Comit\u00e9 de Programas de la XVI Conferencia Latinoamericana de Inform\u00e1tica y Panel 90 Expodata.\u00a0 Conferencista invitado. Asunci\u00f3n &#8211; Paraguay.<\/li>\n<li>III Simposio Brasilero de Arquitectura de Computadores y Procesamiento Paralelo (III SBAC-PP) organizado por la Sociedad Brasilera de Computaci\u00f3n (SBC). R\u00edo de Janeiro &#8211; Brasil.<\/li>\n<\/ul>\n<p><strong>A\u00f1o 1989<\/strong><\/p>\n<ul>\n<li>XV Conferencia Latinoamericana de Inform\u00e1tica y IX Conferencia Internacional de la Sociedad Chilena de Ciencias de la Computaci\u00f3n, Santiago de Chile &#8211; Chile.<\/li>\n<\/ul>\n<p><strong>A\u00f1o 1988<\/strong><\/p>\n<ul>\n<li>XIV Conferencia Latinoamericana de Inform\u00e1tica. Buenos Aires. Argentina.<\/li>\n<li>Cursos: \u00abGOULD Concept\/32 &amp; PowerNode Systems Architecture\u00bb y \u00abMPX-32 Software Concepts for the Hardware User\u00bb, Fort Lauderdale, Florida &#8211; USA.<\/li>\n<\/ul>\n<p><strong>A\u00f1o 1987<\/strong><\/p>\n<ul>\n<li>XIII Conferencia Latinoamericana de Inform\u00e1tica. Bogot\u00e1 &#8211; Colombia.<\/li>\n<\/ul>\n<p><strong>A\u00f1o 1985<\/strong><\/p>\n<ul>\n<li>Lenguaje BASIC. Universidad de Texas. Austin &#8211; USA.<\/li>\n<\/ul>\n<p><strong>A\u00f1o 1983<\/strong><\/p>\n<ul>\n<li>Conferencista sobre \u201cUtilizaci\u00f3n de Computadores en las Carreras de Ciencias e Ingenier\u00edas\u201d organizado por el Centro Paraguayo de Ingenieros.<\/li>\n<li>Conferencista del ciclo \u201cF\u00edsicos en su \u00c9poca\u201d organizado por el Instituto Cultural Paraguayo Alem\u00e1n y la Universidad Cat\u00f3lica del Paraguay.<\/li>\n<\/ul>\n<p><strong>A\u00f1o 1982<\/strong><\/p>\n<ul>\n<li>Curso de Metrolog\u00eda, organizado por el Instituto Nacional de Tecnolog\u00eda y Normalizaci\u00f3n. Asunci\u00f3n.<\/li>\n<\/ul>\n<p><strong>A\u00f1o 1981<\/strong><\/p>\n<ul>\n<li>Primer Congreso Latinoamericano de Matem\u00e1ticas Aplicadas. Asunci\u00f3n, Paraguay.<\/li>\n<li>Conferencia Internacional sobre Aplicaciones Tecnol\u00f3gicas de la \u00d3ptica y el Laser. La Plata &#8211; Argentina.<\/li>\n<\/ul>\n<p><strong>A\u00f1o 1980<\/strong><\/p>\n<ul>\n<li>Conferencista sobre \u201c<em>El Laser y sus Aplicaciones\u201d<\/em>. Facultad de Ingenier\u00eda de la Universidad Nacional.<\/li>\n<li>Seminario de matem\u00e1ticas en homenaje al \u201cCentenario del Nacimiento de Albert Einstein\u201d. Asunci\u00f3n.<\/li>\n<\/ul>\n[\/su_list]\n","protected":false},"excerpt":{"rendered":"<p>CONFERENCIAS, CURSOS Y TUTORIALES DICTADOS A\u00f1o 2021 Miembro del Jurado del 7mo Concurso Latinoamericano de Tesis de Doctorado \u2013 CLTD, organizado por el Centro Latinoamericano de Estudios en Inform\u00e1tica \u2013 CLEI en el marco de la conferencia de la conferencia CLEI&#8217;2021 Conferencista de la IEEE juvenil en Paraguay, presentando el tema \u00abSupremac\u00eda Cu\u00e1ntica?\u00ab, Asunci\u00f3n \u2013 [&hellip;]<\/p>\n","protected":false},"author":1,"featured_media":0,"parent":0,"menu_order":0,"comment_status":"closed","ping_status":"closed","template":"","meta":{"footnotes":""},"class_list":["post-15","page","type-page","status-publish","hentry"],"_links":{"self":[{"href":"http:\/\/cvbaran.cba.com.py\/index.php?rest_route=\/wp\/v2\/pages\/15","targetHints":{"allow":["GET"]}}],"collection":[{"href":"http:\/\/cvbaran.cba.com.py\/index.php?rest_route=\/wp\/v2\/pages"}],"about":[{"href":"http:\/\/cvbaran.cba.com.py\/index.php?rest_route=\/wp\/v2\/types\/page"}],"author":[{"embeddable":true,"href":"http:\/\/cvbaran.cba.com.py\/index.php?rest_route=\/wp\/v2\/users\/1"}],"replies":[{"embeddable":true,"href":"http:\/\/cvbaran.cba.com.py\/index.php?rest_route=%2Fwp%2Fv2%2Fcomments&post=15"}],"version-history":[{"count":46,"href":"http:\/\/cvbaran.cba.com.py\/index.php?rest_route=\/wp\/v2\/pages\/15\/revisions"}],"predecessor-version":[{"id":456,"href":"http:\/\/cvbaran.cba.com.py\/index.php?rest_route=\/wp\/v2\/pages\/15\/revisions\/456"}],"wp:attachment":[{"href":"http:\/\/cvbaran.cba.com.py\/index.php?rest_route=%2Fwp%2Fv2%2Fmedia&parent=15"}],"curies":[{"name":"wp","href":"https:\/\/api.w.org\/{rel}","templated":true}]}}